{"version":"1.0","provider_name":"A Nap Kertje","provider_url":"https:\/\/napkertje.cafeblog.hu","author_name":"Botty\u00e1n Katalin","author_url":"https:\/\/napkertje.cafeblog.hu\/author\/katalin-gemmagmail-com\/","title":"","html":"<a href=\"http:\/\/lh4.google.com\/bottyan.katalin\/RkfXzmJO1bI\/AAAAAAAABIo\/SJFXlIC5Zls\/P1100900.JPG?imgmax=512\"><img style=\"margin: 0px auto 10px;text-align: center;cursor: pointer;width: 320px\" src=\"http:\/\/lh4.google.com\/bottyan.katalin\/RkfXzmJO1bI\/AAAAAAAABIo\/SJFXlIC5Zls\/P1100900.JPG?imgmax=512\" alt=\"\" border=\"0\" \/><\/a><br \/>2007. okt\u00f3ber 4-\u00e9n (S\u00e1rga Rezon\u00e1ns Mag) 14.00-kor ny\u00edlik els\u0151 \u00f6n\u00e1ll\u00f3 fot\u00f3ki\u00e1ll\u00edt\u00e1som<br \/><br \/><div style=\"text-align: center\"><span style=\"font-weight: bold\">T\u00fckr\u00f6m az es\u0151ben<br \/><br \/><\/span><div style=\"text-align: right\"><div style=\"text-align: center\">c\u00edmmel a derecskei Gimi Gal\u00e9ri\u00e1ban.<br \/><br \/>Szeretettel v\u00e1rok mindenkit.<br \/><\/div><span style=\"font-weight: bold\"><\/span><\/div><\/div><div>www.bottyankatalina.blogspot.com<\/div>","type":"rich"}