{"version":"1.0","provider_name":"A Nap Kertje","provider_url":"https:\/\/napkertje.cafeblog.hu","author_name":"Botty\u00e1n Katalin","author_url":"https:\/\/napkertje.cafeblog.hu\/author\/katalin-gemmagmail-com\/","title":"","html":"<a href=\"http:\/\/1.bp.blogspot.com\/_jq0eE20SE84\/R5kZTmF3fGI\/AAAAAAAAGdw\/R8Xz2OizHAM\/s1600-h\/2007,+j%C3%BAnius+065.jpg\"><img style=\"margin: 0px auto 10px;text-align: center;cursor: pointer\" src=\"http:\/\/1.bp.blogspot.com\/_jq0eE20SE84\/R5kZTmF3fGI\/AAAAAAAAGdw\/R8Xz2OizHAM\/s320\/2007,+j%C3%BAnius+065.jpg\" alt=\"\" id=\"BLOGGER_PHOTO_ID_5159182672562977890\" border=\"0\" \/><\/a><br \/><div style=\"text-align: center\"><br \/>\u00c9g sz\u00edve gy\u00f6ngy<br \/>Gy\u00f6ngy sz\u00edve mag<br \/>Mag sz\u00edve kert<br \/>A kert sz\u00edve<br \/>ny\u00fajt\u00f3zkod\u00e1s az \u00e9g fel\u00e9<br \/>\u00e9s m\u00e9lyen a f\u00f6ldbe<br \/><br \/>A l\u00e9tez\u00e9s sz\u00edv\u00e9t sz\u00e1rnyak hordozz\u00e1k<br \/>\u00e9s kezek alkotj\u00e1k<br \/><br \/>A l\u00e9tez\u00e9st m\u0171velni kell, mint egy kertet<br \/>akkor magamag\u00e1t\u00f3l n\u00f6vekszik<br \/><br \/><\/div><div>www.bottyankatalina.blogspot.com<\/div>","type":"rich"}