{"version":"1.0","provider_name":"A Nap Kertje","provider_url":"https:\/\/napkertje.cafeblog.hu","author_name":"Botty\u00e1n Katalin","author_url":"https:\/\/napkertje.cafeblog.hu\/author\/katalin-gemmagmail-com\/","title":"","html":"<a href=\"http:\/\/3.bp.blogspot.com\/_jq0eE20SE84\/R5rWW2F3gkI\/AAAAAAAAGyQ\/Hu-J1xW1tkY\/s1600-h\/fot%C3%B3k+2007m%C3%A1rcius+066.jpg\"><img style=\"margin: 0px auto 10px;text-align: center;cursor: pointer\" src=\"http:\/\/3.bp.blogspot.com\/_jq0eE20SE84\/R5rWW2F3gkI\/AAAAAAAAGyQ\/Hu-J1xW1tkY\/s320\/fot%C3%B3k+2007m%C3%A1rcius+066.jpg\" alt=\"\" id=\"BLOGGER_PHOTO_ID_5159672011071914562\" border=\"0\" \/><\/a><br \/><div style=\"text-align: center\">A Rezon\u00e1ns hold 17. napja<br \/>A Feh\u00e9r Hold Var\u00e1zsl\u00f3 \u00e9v\u00e9ben<br \/><br \/><span style=\"font-weight: bold\">Kin 238: Feh\u00e9r \u00d6nl\u00e9tez\u0151 T\u00fck\u00f6r<\/span><br \/><br \/>Palota: Z\u00f6ld K\u00f6z\u00e9ps\u0151<br \/>Hull\u00e1mvar\u00e1zs: Sas<br \/><br \/>Megfogalmazom, hogy T\u00fckr\u00f6zhessem<br \/>Megm\u00e9rve a Rendet<br \/>Lepecs\u00e9telem a V\u00e9gn\u00e9lk\u00fclis\u00e9g mint\u00e1zat\u00e1t<br \/>A Forma \u00f6nl\u00e9tez\u0151 t\u00f3nus\u00e1val<br \/>Engem az Id\u0151tlens\u00e9g hatalma vezet.<br \/><\/div><div>www.bottyankatalina.blogspot.com<\/div>","type":"rich"}